{"id":701,"date":"2017-12-15T13:52:42","date_gmt":"2017-12-15T12:52:42","guid":{"rendered":"https:\/\/royalastridaalst.be\/feestzaal\/"},"modified":"2023-12-07T22:00:11","modified_gmt":"2023-12-07T21:00:11","slug":"feestzaal","status":"publish","type":"page","link":"https:\/\/royalastridaalst.be\/fr\/feestzaal\/","title":{"rendered":"Salle de r\u00e9ception"},"content":{"rendered":"<div class=\"row\">\n<div class=\"col-md-6\">\n<h1>Organisation de f\u00eates <span style=\"color: #9b8652;\">sur mesure de A \u00e0 Z <\/span><\/h1>\n<p>L\u2019h\u00f4tel et salle de r\u00e9ception Royal Astrid Alost organise des \u00e9v\u00e9nements et des f\u00eates sur mesure pour les particuliers et les entreprises. Nos salles de r\u00e9ception raffin\u00e9es et la spacieuse terrasse ensoleill\u00e9e attenante sont parfaitement adapt\u00e9es \u00e0 toutes les occasions. Malgr\u00e9 notre situation en plein centre d\u2019Alost, nous pouvons donc organiser de grandes f\u00eates \u00e0 l\u2019ext\u00e9rieur. Nous envisageons tous vos souhaits jusque dans les moindres d\u00e9tails, de la composition du menu \u00e0 la d\u00e9coration de la salle. Si vous voulez proposer un h\u00e9bergement \u00e0 vos invit\u00e9s, il est possible de r\u00e9server plusieurs chambres ou l\u2019ensemble de l\u2019h\u00f4tel.<\/p>\n<p>\n<\/div>\n<div class=\"col-md-6\">\n<p><img decoding=\"async\" class=\"alignnone wp-image-2260 size-full\" src=\"https:\/\/royalastridaalst.be\/wp-content\/uploads\/2023\/12\/CW3A2738.jpg\" alt=\"\" width=\"597\" height=\"447\" srcset=\"https:\/\/royalastridaalst.be\/wp-content\/uploads\/2023\/12\/CW3A2738.jpg 597w, https:\/\/royalastridaalst.be\/wp-content\/uploads\/2023\/12\/CW3A2738-300x225.jpg 300w, https:\/\/royalastridaalst.be\/wp-content\/uploads\/2023\/12\/CW3A2738-361x270.jpg 361w\" sizes=\"(max-width: 597px) 100vw, 597px\" \/><\/p>\n<\/div>\n<\/div>\n<hr \/>\n<div class=\"row\">\n<div class=\"col-md-6\">\n<img decoding=\"async\" class=\"alignnone wp-image-2264 size-full\" src=\"https:\/\/royalastridaalst.be\/wp-content\/uploads\/2023\/12\/CW3A2737.jpg\" alt=\"\" width=\"597\" height=\"447\" srcset=\"https:\/\/royalastridaalst.be\/wp-content\/uploads\/2023\/12\/CW3A2737.jpg 597w, https:\/\/royalastridaalst.be\/wp-content\/uploads\/2023\/12\/CW3A2737-300x225.jpg 300w, https:\/\/royalastridaalst.be\/wp-content\/uploads\/2023\/12\/CW3A2737-361x270.jpg 361w\" sizes=\"(max-width: 597px) 100vw, 597px\" \/><br \/>\n<\/div>\n<div class=\"col-md-6\">\n<h2>Des f\u00eates p\u00e9tillantes, des \u00e9v\u00e9nements sereins ou des activit\u00e9s business<\/h2>\n<p>Notre salle offre de nombreuses possibilit\u00e9s, car elle peut \u00eatre adapt\u00e9e \u00e0 votre \u00e9v\u00e9nement et au nombre de vos invit\u00e9s. Vous pouvez ainsi choisir d\u2019organiser un d\u00eener priv\u00e9 convivial pour 12 personnes ou une grande soir\u00e9e \u00e0 th\u00e8me pour 200 invit\u00e9s. Vous recherchez un espace de r\u00e9union ou une salle de s\u00e9minaire avec r\u00e9troprojecteur et \u00e9cran professionnels ? Vous l\u2019avez trouv\u00e9 !<\/p>\n<\/div>\n<\/div>\n<hr \/>\n<div class=\"row\">\n<div class=\"col-md-6\">\n<h2>Tant les particuliers&#8230;<\/h2>\n<ul>\n<li style=\"font-weight: 400;\">F\u00eate de naissance<\/li>\n<li style=\"font-weight: 400;\">Bapt\u00eame<\/li>\n<li style=\"font-weight: 400;\">Communion ou f\u00eate de printemps<\/li>\n<li style=\"font-weight: 400;\">F\u00eate d\u2019anniversaire<\/li>\n<li style=\"font-weight: 400;\">Mariage<\/li>\n<li style=\"font-weight: 400;\">Jubil\u00e9<\/li>\n<li style=\"font-weight: 400;\">BBQ<\/li>\n<li style=\"font-weight: 400;\">F\u00eate \u00e0 th\u00e8mes<\/li>\n<li style=\"font-weight: 400;\">Brunch (th\u00e9matique)<\/li>\n<li style=\"font-weight: 400;\">R\u00e9ception pour fun\u00e9railles<\/li>\n<\/ul>\n<p>\n<\/div>\n<div class=\"col-md-6\">\n<p><img decoding=\"async\" class=\"alignnone wp-image-2268 size-full\" src=\"https:\/\/royalastridaalst.be\/wp-content\/uploads\/2023\/12\/CW3A3114.jpg\" alt=\"\" width=\"597\" height=\"447\" srcset=\"https:\/\/royalastridaalst.be\/wp-content\/uploads\/2023\/12\/CW3A3114.jpg 597w, https:\/\/royalastridaalst.be\/wp-content\/uploads\/2023\/12\/CW3A3114-300x225.jpg 300w, https:\/\/royalastridaalst.be\/wp-content\/uploads\/2023\/12\/CW3A3114-361x270.jpg 361w\" sizes=\"(max-width: 597px) 100vw, 597px\" \/><\/p>\n<p>\n<\/div>\n<\/div>\n<hr \/>\n<div class=\"row\">\n<div class=\"col-md-6\">\n<img decoding=\"async\" class=\"alignnone wp-image-2272 size-full\" src=\"https:\/\/royalastridaalst.be\/wp-content\/uploads\/2023\/12\/CW3A3278.jpg\" alt=\"\" width=\"597\" height=\"447\" srcset=\"https:\/\/royalastridaalst.be\/wp-content\/uploads\/2023\/12\/CW3A3278.jpg 597w, https:\/\/royalastridaalst.be\/wp-content\/uploads\/2023\/12\/CW3A3278-300x225.jpg 300w, https:\/\/royalastridaalst.be\/wp-content\/uploads\/2023\/12\/CW3A3278-361x270.jpg 361w\" sizes=\"(max-width: 597px) 100vw, 597px\" \/><br \/>\n<\/div>\n<div class=\"col-md-6\">\n<h1>\u2026 que les entreprises<\/h1>\n<ul>\n<li style=\"font-weight: 400;\">R\u00e9union<\/li>\n<li style=\"font-weight: 400;\">S\u00e9minaire<\/li>\n<li style=\"font-weight: 400;\">\u00c9v\u00e9nement d\u2019\u00e9quipe<\/li>\n<li style=\"font-weight: 400;\">R\u00e9ception<\/li>\n<li style=\"font-weight: 400;\">\u00c9v\u00e9nement de networking<\/li>\n<li style=\"font-weight: 400;\">F\u00eate du personnel<\/li>\n<\/ul>\n<p><span style=\"font-weight: 400;\">D\u00e9couvrez l\u2019ensemble de notre offre professionnelle sur la page <a href=\"https:\/\/royalastridaalst.be\/fr\/feestzaal\/bedrijven\/\">Entreprises<\/a><\/span><span style=\"font-weight: 400;\">.<\/span><\/p>\n<\/div>\n<\/div>\n<hr \/>\n<h2 style=\"text-align: center;\">Vous avez d\u00e9j\u00e0 une id\u00e9e ou vous recherchez un lieu unique pour votre f\u00eate ou<br \/>\n\u00e9v\u00e9nement ? Contactez-nous pour que nous discutions de ce que vous souhaitez !<\/h2>\n<p style=\"text-align: center;\"><a href=\"\/fr\/feestzaal\/contact\" class=\"btn btn-reserveer btn-lg\"> Contactez-nous <\/a>\n<hr \/>\n\n\t\t<div class=\"slider\" col=\"1\">\n\t\t\t<div class=\"slide-container\">\n\t\t\t\t<div class=\"arrow left\">\n\t\t\t\t\t<i class=\"fa fa-caret-left\"><\/i>\n\t\t\t\t<\/div>\n\t\t\t\t<div class=\"arrow right\">\n\t\t\t\t\t<i class=\"fa fa-caret-right\"><\/i>\n\t\t\t\t<\/div>\n\t\t\t\t<div class=\"slide-slider\">\n                    \t\t\t\t\t\t\t<div class=\"slide\">\n\t\t\t\t\t\t\t\t<a href=\"https:\/\/royalastridaalst.be\/fr\/testimonials\/philippe-francq\/\">\n\t\t\t\t\t\t\t\t\t<div class=\"img\" style=\"background-image: url(\/wp-content\/themes\/searchuser\/assets\/images\/Testemonials.png);\"><\/div>\n\t\t\t\t\t\t\t\t<\/a>\n\t\t\t\t\t\t\t\t<div class=\"entry-content\">\n                                    <p>Superbe h\u00f4tel. Salle avec des lambris en bois d\u00e9coration styl\u00e9e, demeure du 18\u00e8me si\u00e8cle tr\u00e8s bien remise \u00e0 jour, entr\u00e9e avec porte coch\u00e8re. Service impecable et personnalis\u00e9: on vous sert le caf\u00e9 \u00e0 table. Chambre spacieuse et \u00e9pur\u00e9e. Bref h\u00f4tel \u00e0 recommander. Bravo.<\/p>\n\t\t\t\t\t\t\t\t<\/div>\n\t\t\t\t\t\t\t\t<div class=\"entry-footer\">\n\t\t\t\t\t\t\t\t\t<div><h3>- Philippe Francq<\/h3><\/div>\n\t\t\t\t\t\t\t\t\t<!-- <div>\n                                <strong> <\/strong>\n                            <\/div>-->\n\t\t\t\t\t\t\t\t<\/div>\n\t\t\t\t\t\t\t<\/div>\n                            \t\t\t\t<\/div>\n\t\t\t\t<div class=\"pagination-container\">\n                    \t\t\t\t\t\t\t<div class=\"page-dot current\" page=\"0\"><\/div>\n                            \t\t\t\t<\/div>\n\t\t\t<\/div>\n\t\t<\/div>\n        \n","protected":false},"excerpt":{"rendered":"<p>Vous avez d\u00e9j\u00e0 une id\u00e9e ou vous recherchez un lieu unique pour votre f\u00eate ou \u00e9v\u00e9nement ? Contactez-nous pour que nous discutions de ce que vous souhaitez !<\/p>\n","protected":false},"author":1,"featured_media":0,"parent":0,"menu_order":0,"comment_status":"closed","ping_status":"closed","template":"page-templates\/feestzaal.php","meta":{"footnotes":""},"class_list":["post-701","page","type-page","status-publish","hentry"],"yoast_head":"<!-- This site is optimized with the Yoast SEO plugin v26.7 - https:\/\/yoast.com\/wordpress\/plugins\/seo\/ -->\n<title>L\u2019h\u00f4tel et salle de r\u00e9ception Royal Astrid Alost poss\u00e8de une salle de r\u00e9ception avec terrasse<\/title>\n<meta name=\"description\" content=\"Nous organisons des \u00e9v\u00e9nements et des f\u00eates pour les particuliers et les entreprises. Des f\u00eates p\u00e9tillantes, des \u00e9v\u00e9nements sereins et des activit\u00e9s business.\" \/>\n<meta name=\"robots\" content=\"index, follow, max-snippet:-1, max-image-preview:large, max-video-preview:-1\" \/>\n<link rel=\"canonical\" href=\"https:\/\/royalastridaalst.be\/fr\/feestzaal\/\" \/>\n<meta property=\"og:locale\" content=\"fr_FR\" \/>\n<meta property=\"og:type\" content=\"article\" \/>\n<meta property=\"og:title\" content=\"L\u2019h\u00f4tel et salle de r\u00e9ception Royal Astrid Alost poss\u00e8de une salle de r\u00e9ception avec terrasse\" \/>\n<meta property=\"og:description\" content=\"Nous organisons des \u00e9v\u00e9nements et des f\u00eates pour les particuliers et les entreprises. Des f\u00eates p\u00e9tillantes, des \u00e9v\u00e9nements sereins et des activit\u00e9s business.\" \/>\n<meta property=\"og:url\" content=\"https:\/\/royalastridaalst.be\/fr\/feestzaal\/\" \/>\n<meta property=\"og:site_name\" content=\"Royal Astrid Aalst\" \/>\n<meta property=\"article:modified_time\" content=\"2023-12-07T21:00:11+00:00\" \/>\n<meta property=\"og:image\" content=\"https:\/\/royalastridaalst.be\/wp-content\/uploads\/2023\/12\/CW3A2738.jpg\" \/>\n<meta name=\"twitter:card\" content=\"summary_large_image\" \/>\n<meta name=\"twitter:label1\" content=\"Dur\u00e9e de lecture estim\u00e9e\" \/>\n\t<meta name=\"twitter:data1\" content=\"3 minutes\" \/>\n<script type=\"application\/ld+json\" class=\"yoast-schema-graph\">{\"@context\":\"https:\/\/schema.org\",\"@graph\":[{\"@type\":\"WebPage\",\"@id\":\"https:\/\/royalastridaalst.be\/fr\/feestzaal\/\",\"url\":\"https:\/\/royalastridaalst.be\/fr\/feestzaal\/\",\"name\":\"L\u2019h\u00f4tel et salle de r\u00e9ception Royal Astrid Alost poss\u00e8de une salle de r\u00e9ception avec terrasse\",\"isPartOf\":{\"@id\":\"https:\/\/royalastridaalst.be\/#website\"},\"primaryImageOfPage\":{\"@id\":\"https:\/\/royalastridaalst.be\/fr\/feestzaal\/#primaryimage\"},\"image\":{\"@id\":\"https:\/\/royalastridaalst.be\/fr\/feestzaal\/#primaryimage\"},\"thumbnailUrl\":\"https:\/\/royalastridaalst.be\/wp-content\/uploads\/2023\/12\/CW3A2738.jpg\",\"datePublished\":\"2017-12-15T12:52:42+00:00\",\"dateModified\":\"2023-12-07T21:00:11+00:00\",\"description\":\"Nous organisons des \u00e9v\u00e9nements et des f\u00eates pour les particuliers et les entreprises. Des f\u00eates p\u00e9tillantes, des \u00e9v\u00e9nements sereins et des activit\u00e9s business.\",\"breadcrumb\":{\"@id\":\"https:\/\/royalastridaalst.be\/fr\/feestzaal\/#breadcrumb\"},\"inLanguage\":\"fr-FR\",\"potentialAction\":[{\"@type\":\"ReadAction\",\"target\":[\"https:\/\/royalastridaalst.be\/fr\/feestzaal\/\"]}]},{\"@type\":\"ImageObject\",\"inLanguage\":\"fr-FR\",\"@id\":\"https:\/\/royalastridaalst.be\/fr\/feestzaal\/#primaryimage\",\"url\":\"https:\/\/royalastridaalst.be\/wp-content\/uploads\/2023\/12\/CW3A2738.jpg\",\"contentUrl\":\"https:\/\/royalastridaalst.be\/wp-content\/uploads\/2023\/12\/CW3A2738.jpg\"},{\"@type\":\"BreadcrumbList\",\"@id\":\"https:\/\/royalastridaalst.be\/fr\/feestzaal\/#breadcrumb\",\"itemListElement\":[{\"@type\":\"ListItem\",\"position\":1,\"name\":\"Home\",\"item\":\"https:\/\/royalastridaalst.be\/fr\/\"},{\"@type\":\"ListItem\",\"position\":2,\"name\":\"Salle de r\u00e9ception\"}]},{\"@type\":\"WebSite\",\"@id\":\"https:\/\/royalastridaalst.be\/#website\",\"url\":\"https:\/\/royalastridaalst.be\/\",\"name\":\"Royal Astrid Aalst\",\"description\":\"Onze WordPress site template\",\"potentialAction\":[{\"@type\":\"SearchAction\",\"target\":{\"@type\":\"EntryPoint\",\"urlTemplate\":\"https:\/\/royalastridaalst.be\/?s={search_term_string}\"},\"query-input\":{\"@type\":\"PropertyValueSpecification\",\"valueRequired\":true,\"valueName\":\"search_term_string\"}}],\"inLanguage\":\"fr-FR\"}]}<\/script>\n<!-- \/ Yoast SEO plugin. -->","yoast_head_json":{"title":"L\u2019h\u00f4tel et salle de r\u00e9ception Royal Astrid Alost poss\u00e8de une salle de r\u00e9ception avec terrasse","description":"Nous organisons des \u00e9v\u00e9nements et des f\u00eates pour les particuliers et les entreprises. Des f\u00eates p\u00e9tillantes, des \u00e9v\u00e9nements sereins et des activit\u00e9s business.","robots":{"index":"index","follow":"follow","max-snippet":"max-snippet:-1","max-image-preview":"max-image-preview:large","max-video-preview":"max-video-preview:-1"},"canonical":"https:\/\/royalastridaalst.be\/fr\/feestzaal\/","og_locale":"fr_FR","og_type":"article","og_title":"L\u2019h\u00f4tel et salle de r\u00e9ception Royal Astrid Alost poss\u00e8de une salle de r\u00e9ception avec terrasse","og_description":"Nous organisons des \u00e9v\u00e9nements et des f\u00eates pour les particuliers et les entreprises. Des f\u00eates p\u00e9tillantes, des \u00e9v\u00e9nements sereins et des activit\u00e9s business.","og_url":"https:\/\/royalastridaalst.be\/fr\/feestzaal\/","og_site_name":"Royal Astrid Aalst","article_modified_time":"2023-12-07T21:00:11+00:00","og_image":[{"url":"https:\/\/royalastridaalst.be\/wp-content\/uploads\/2023\/12\/CW3A2738.jpg","type":"","width":"","height":""}],"twitter_card":"summary_large_image","twitter_misc":{"Dur\u00e9e de lecture estim\u00e9e":"3 minutes"},"schema":{"@context":"https:\/\/schema.org","@graph":[{"@type":"WebPage","@id":"https:\/\/royalastridaalst.be\/fr\/feestzaal\/","url":"https:\/\/royalastridaalst.be\/fr\/feestzaal\/","name":"L\u2019h\u00f4tel et salle de r\u00e9ception Royal Astrid Alost poss\u00e8de une salle de r\u00e9ception avec terrasse","isPartOf":{"@id":"https:\/\/royalastridaalst.be\/#website"},"primaryImageOfPage":{"@id":"https:\/\/royalastridaalst.be\/fr\/feestzaal\/#primaryimage"},"image":{"@id":"https:\/\/royalastridaalst.be\/fr\/feestzaal\/#primaryimage"},"thumbnailUrl":"https:\/\/royalastridaalst.be\/wp-content\/uploads\/2023\/12\/CW3A2738.jpg","datePublished":"2017-12-15T12:52:42+00:00","dateModified":"2023-12-07T21:00:11+00:00","description":"Nous organisons des \u00e9v\u00e9nements et des f\u00eates pour les particuliers et les entreprises. Des f\u00eates p\u00e9tillantes, des \u00e9v\u00e9nements sereins et des activit\u00e9s business.","breadcrumb":{"@id":"https:\/\/royalastridaalst.be\/fr\/feestzaal\/#breadcrumb"},"inLanguage":"fr-FR","potentialAction":[{"@type":"ReadAction","target":["https:\/\/royalastridaalst.be\/fr\/feestzaal\/"]}]},{"@type":"ImageObject","inLanguage":"fr-FR","@id":"https:\/\/royalastridaalst.be\/fr\/feestzaal\/#primaryimage","url":"https:\/\/royalastridaalst.be\/wp-content\/uploads\/2023\/12\/CW3A2738.jpg","contentUrl":"https:\/\/royalastridaalst.be\/wp-content\/uploads\/2023\/12\/CW3A2738.jpg"},{"@type":"BreadcrumbList","@id":"https:\/\/royalastridaalst.be\/fr\/feestzaal\/#breadcrumb","itemListElement":[{"@type":"ListItem","position":1,"name":"Home","item":"https:\/\/royalastridaalst.be\/fr\/"},{"@type":"ListItem","position":2,"name":"Salle de r\u00e9ception"}]},{"@type":"WebSite","@id":"https:\/\/royalastridaalst.be\/#website","url":"https:\/\/royalastridaalst.be\/","name":"Royal Astrid Aalst","description":"Onze WordPress site template","potentialAction":[{"@type":"SearchAction","target":{"@type":"EntryPoint","urlTemplate":"https:\/\/royalastridaalst.be\/?s={search_term_string}"},"query-input":{"@type":"PropertyValueSpecification","valueRequired":true,"valueName":"search_term_string"}}],"inLanguage":"fr-FR"}]}},"_links":{"self":[{"href":"https:\/\/royalastridaalst.be\/fr\/wp-json\/wp\/v2\/pages\/701","targetHints":{"allow":["GET"]}}],"collection":[{"href":"https:\/\/royalastridaalst.be\/fr\/wp-json\/wp\/v2\/pages"}],"about":[{"href":"https:\/\/royalastridaalst.be\/fr\/wp-json\/wp\/v2\/types\/page"}],"author":[{"embeddable":true,"href":"https:\/\/royalastridaalst.be\/fr\/wp-json\/wp\/v2\/users\/1"}],"replies":[{"embeddable":true,"href":"https:\/\/royalastridaalst.be\/fr\/wp-json\/wp\/v2\/comments?post=701"}],"version-history":[{"count":6,"href":"https:\/\/royalastridaalst.be\/fr\/wp-json\/wp\/v2\/pages\/701\/revisions"}],"predecessor-version":[{"id":2279,"href":"https:\/\/royalastridaalst.be\/fr\/wp-json\/wp\/v2\/pages\/701\/revisions\/2279"}],"wp:attachment":[{"href":"https:\/\/royalastridaalst.be\/fr\/wp-json\/wp\/v2\/media?parent=701"}],"curies":[{"name":"wp","href":"https:\/\/api.w.org\/{rel}","templated":true}]}}